{"id":258,"date":"2018-09-21T13:58:51","date_gmt":"2018-09-21T13:58:51","guid":{"rendered":"https:\/\/glasix.ch\/Wordpress\/?page_id=258"},"modified":"2018-09-23T15:54:09","modified_gmt":"2018-09-23T15:54:09","slug":"ausstellungen-archiv","status":"publish","type":"page","link":"https:\/\/glasix.ch\/Wordpress\/ausstellungen-archiv\/","title":{"rendered":"Ausstellungen (Archiv)"},"content":{"rendered":"<div class=\"moduletable\">\n<ul>\n<li>05.10.2018 &#8211; 07.10.2018<br \/>\nFinissage im Atelier GLASIX<\/li>\n<li>15.12.2017 &#8211; 17.12.2017<br \/>\nStille Pracht, Villa am Aabach Uster<\/li>\n<li>09.11.2017 &#8211; 12.11.2017<br \/>\nModernes Kunstandwerk im Ritterhaus Bubikon<\/li>\n<li>04.11.2017<br \/>\nKunstHandWerkMarkt Hirslanden<\/li>\n<li>21.10.2017 &#8211; 22.10.2017<br \/>\nArts du Feu Gruy\u00e8res<\/li>\n<li>09.10.2017 &#8211; 10.10.2017<br \/>\nOchsenm\u00e4rt Wetzikon<\/li>\n<li>13.05.2017<br \/>\nKoffermarkt Uster<\/li>\n<li>22.04.2017 &#8211; 23.04.2017<br \/>\nVitro Festival Romont<\/li>\n<li>01.12.2016 &#8211; 24.12.2016<br \/>\nGalerie Evi Kienast, Winterthur<\/li>\n<li>18.11.2016 &#8211; 19.11.2016<br \/>\nKunsthandwerk im &#8222;KAFIM\u00dcHLE&#8220; \u00a0Winterthur<\/li>\n<li>04.11.2016 &#8211; 06.11.2016<br \/>\nKunstHandWerk Seen<\/li>\n<li>21.10.2016 &#8211; 23.10.2016<br \/>\nLes Arts du Feu, Yverdon<\/li>\n<li>10.09.2016 &#8211; 11.09.2016<br \/>\nOchsenm\u00e4rt Wetzikon<\/li>\n<li>03.09.2016<br \/>\nSchwalbem\u00e4rt Winterthur<\/li>\n<li>09.06.2016 &#8211; 10.06.2016<br \/>\n15 Jahre Atelier GLASIX<\/li>\n<li>07.05.2016<br \/>\nKleinandelfinger Fr\u00fchlingsmarkt<\/li>\n<li>02.12.2015 &#8211; 05.12.2015<br \/>\nChristkindlim\u00e4rt im Rathausdurchgang Winterthur<\/li>\n<li>12.11.2015 &#8211; 15.11.2015<br \/>\nModernes Kunsthandwerk im Ritterhaus Bubikon<\/li>\n<li>19.09.2015<br \/>\nOchsenm\u00e4rt Wetzikon<\/li>\n<li>05.09.2015 &#8211; 06.09.2015<br \/>\nChilbi M\u00e4rt Muur<\/li>\n<li>22.08.2015 &#8211; 23.08.2015<br \/>\nS\u00e4umermarkt Stansstad<\/li>\n<li><span class=\"date\">20.06.2015 &#8211; 21.06.2015 <\/span><br \/>\n<span class=\"location\">Kunst &amp; Kunsthandwerk, Zentrum alte M\u00fchle G\u00fcetighausen<\/span><\/li>\n<li><span class=\"date\">08.05.2015 &#8211; 10.05.2015 <\/span><br \/>\n<span class=\"location\">Messe f\u00fcr Kunsthandwerk in Sempach<\/span><\/li>\n<li><span class=\"date\">1<\/span><span class=\"date\">8.04.2015 &#8211; 19.04.2015<\/span><br \/>\n<span class=\"location\">Vitro Festival Romont<\/span><\/li>\n<li><span class=\"date\">11.04.2015 \u00a0<\/span><br \/>\n<span class=\"location\">Kofferm\u00e4rt i d\u00e4 Sch\u00fc\u00fcr, Winterthur<\/span><\/li>\n<li><span class=\"date\">13.12.2014 &#8211; 21.12.2014 <\/span><br \/>\n<span class=\"location\">TRAGBARE SCH\u00c4TZE \u00a0Weihnachtsausstellung im Atelier Glasix<\/span><\/li>\n<li><span class=\"date\">22.11.2014 &#8211; 30.11.2014 <\/span><br \/>\n<span class=\"location\">Wiehnachts-Usstellig i d\u00e4 Sch\u00fc\u00fcr, Winterthur<\/span><\/li>\n<li>07.11.2014 &#8211; 09.11.2014<br \/>\nKunst und Handwerk Winterthur-Seen<\/li>\n<li><span class=\"date\">13.09.2014 &#8211; 14.09.2014 <\/span><br \/>\n<span class=\"location\">Ochsenm\u00e4rt Wetzikon 2014<\/span><\/li>\n<li><span class=\"date\">06.09.2014 &#8211; 07.09.2014 <\/span><br \/>\n<span class=\"location\">Chilbimarkt Maur 2014<\/span><\/li>\n<li><span class=\"date\">30.08.2014 \u00a0<\/span><br \/>\n<span class=\"location\">2. Koffermarkt in Winterthur<\/span><\/li>\n<li><span class=\"date\">16.08.2014 &#8211; 17.08.2014 <\/span><br \/>\n<span class=\"location\">S\u00e4umermarkt Sarnen\u00a0<\/span><\/li>\n<li><span class=\"date\">17.05.2014\u00a0<\/span><br \/>\n<span class=\"location\">Koffermarkt im Quartiertreff Hirslanden<\/span><\/li>\n<li><span class=\"date\">28.03.2014 &#8211; 30.03.2014 <\/span><br \/>\n<span class=\"location\">&#8222;Region ART&#8220; \u00a0Alte Kaserne Winterthur<\/span><\/li>\n<li><span class=\"date\">13.12.2013 &#8211; 15.12.2013 <\/span><br \/>\n<span class=\"location\">GLANZST\u00dcCKE \u00a0Weihnachtsausstellung \u00a0im Atelier Glasix<\/span><\/li>\n<li><span class=\"date\">06.12.2013 &#8211; 08.12.2013 <\/span><br \/>\n<span class=\"location\">Weihnachtsausstellung im Schloss Greifensee<\/span><\/li>\n<li><span class=\"date\">15.11.2013 &#8211; 16.11.2013 <\/span><br \/>\n<span class=\"location\">Kunsthandwerk im &#8222;kafi m\u00fcli&#8220; Adventsausstellung 2013<\/span><\/li>\n<li><span class=\"date\">07.11.2013 &#8211; 10.11.2013 <\/span><br \/>\n<span class=\"location\">Kunsthandwerk im Ritterhaus Bubikon\u00a0<\/span><\/li>\n<li><span class=\"date\">07.09.2013 &#8211; 15.09.2013 <\/span><br \/>\n<span class=\"location\">&#8222;KLEIDSAM III&#8220; \u00a0Modeschau im Garten in L\u00fctisburg<\/span><\/li>\n<li>31.08.2013<br \/>\n1.Koffermarkt Winterthur<\/li>\n<li>17.08.2013 &#8211; 18.08.2013<br \/>\nS\u00e4umermarkt Stansstad<\/li>\n<li><span class=\"date\">05.07.2013 &#8211; 07.07.2013 <\/span><br \/>\n<span class=\"location\">Atelierausstellung ZART &amp; LEICHT mit Maja Hochuli, Drahtobjekte<\/span><\/li>\n<li><span class=\"date\">25.05.2013 &#8211; 26.05.2013 <\/span><br \/>\n<span class=\"location\">FormSzene im Erlengut<\/span><\/li>\n<li><span class=\"date\">20.04.2013 &#8211; 21.04.2013 <\/span><br \/>\n<span class=\"location\">Vitro Festival Romont<\/span><\/li>\n<li><span class=\"date\">15.03.2013 &#8211; 17.03.2013 <\/span><br \/>\n<span class=\"location\">Wein &amp; Design in der Villette Cham ZG<\/span><\/li>\n<li><span class=\"date\">01.03.2013 &#8211; 03.03.2013 <\/span><br \/>\n<span class=\"location\">&#8222;Region ART &#8220; \u00a0Alte Kaserne Winterthur<\/span><\/li>\n<li><span class=\"date\">14.12.2012 &#8211; 16.12.2012 <\/span><br \/>\n<span class=\"location\">Weihnachtsausstellung im Atelier GLASIX<\/span><\/li>\n<li><span class=\"date\">24.11.2012 &#8211; 25.11.2012 <\/span><br \/>\n<span class=\"location\">Kunsthandwerk im &#8222;Ulrichhaus&#8220; in Kreuzlingen\u00a0<\/span><\/li>\n<li><span class=\"date\">08.11.2012 &#8211; 11.11.2012 <\/span><br \/>\n<span class=\"location\">Modernes Kunsthandwerk im Ritterhaus Bubikon\u00a0<\/span><\/li>\n<li><span class=\"date\">26.10.2012 &#8211; 28.10.2012<\/span><span class=\"date\"><br \/>\n<\/span><span class=\"location\">\u00a0&#8222;Kunsthandwerk im\/am Fluss&#8220; \u00a0Reppischhallen Dietikon<\/span><\/li>\n<li>18.08.2012 &#8211; 19.08.2012<br \/>\nS\u00e4umermarkt Kerns<\/li>\n<li>07.07.2012<br \/>\nNachtbazar Winterthur<\/li>\n<li><span class=\"date\">2<\/span><span class=\"date\">9.06.2012 &#8211; 01.07.2012<\/span><br \/>\n<span class=\"location\">Atelierausstellung GLASGR\u00dcN im Duett mit Sabine Favre &#8222;Cr\u00e9ation Nature&#8220;<\/span><\/li>\n<li>12.05.2012<br \/>\nKleinandelfinger Fr\u00fchlingsmarkt<\/li>\n<li>April 2012<br \/>\nFORMIDABEL St.Gallen<\/li>\n<li><span class=\"date\">09.12.2011 &#8211; 11.12.2011 <\/span><br \/>\n<span class=\"location\">&#8222;Kunst und Handwerk in der Villa&#8220; \u00a0Villa Grunholzer, Uster<\/span><\/li>\n<li><span class=\"date\">03.11.2011 &#8211; 06.11.2011 <\/span><br \/>\n<span class=\"location\">Modernes Kunsthandwerk im Ritterhaus Bubikon<\/span><\/li>\n<li>20.08.2011 &#8211; 21.08.2011<br \/>\nS\u00e4umermarkt Stansstad<\/li>\n<li><span class=\"date\">09.07.2011 &#8211; 10.07.2011 <\/span><br \/>\n<span class=\"location\">10 Jahre Atelier GLASIX<\/span><\/li>\n<li><span class=\"date\">02.07.2011 <\/span><br \/>\n<span class=\"location\">Nachtbazar Lagerplatz Sulzerareal in Winterthur<\/span><\/li>\n<li>01.06. 2011 &#8211; 24.12.2011<br \/>\nLadenprojekt KOMMOD Z\u00fcrich<\/li>\n<li><span class=\"date\">16.04.2011 &#8211; 17.04.2011 <\/span><br \/>\n<span class=\"location\">Vitro Festival im Glasmuseum Romont<\/span><\/li>\n<li><span class=\"date\">11.11.2010 &#8211; 14.11.2010 <\/span><br \/>\n<span class=\"location\">KunstHandWerk in der Remise in Weinfelden<\/span><\/li>\n<li><span class=\"date\">05.11.2010 &#8211; 07.11.2010 <\/span><br \/>\n<span class=\"location\">Unterl\u00e4nder Kunsthandwerk im B\u00fcechihus in Dielsdorf<\/span><\/li>\n<li><span class=\"date\">25.09.2010 &#8211; 26.09.2010 <\/span><br \/>\n<span class=\"location\">Teilnahme an der &#8222;OpenDoors&#8220; in Winterthur<\/span><\/li>\n<li><span class=\"date\">09.07.2010 &#8211; 11.07.2010 <\/span><br \/>\n<span class=\"location\">&#8222;COLORI D&#8217;ESTATE&#8220; \u00a0Sommerausstellung im Atelier GLASIX<\/span><\/li>\n<li><span class=\"date\">29.05.2010 &#8211; 30.05.2010 <\/span><br \/>\n<span class=\"location\">FormSzene 2010 \u00a0Ausstellung im Erlengut<\/span><\/li>\n<li><span class=\"date\">26.03.2010 &#8211; 28.03.2010 <\/span><br \/>\n<span class=\"location\">&#8222;RegionArt &#8220; Gemeinschaftsausstellung in der alten Kaserne Winterthur<\/span><\/li>\n<li><span class=\"date\">19.03.2010 &#8211; 21.03.2010 <\/span><br \/>\n<span class=\"location\">&#8222;Wein &amp; Design&#8220; in der Villette in Cham\u00a0<\/span><\/li>\n<li><span class=\"date\">11.12.2009 &#8211; 13.12.2009 <\/span><br \/>\n<span class=\"location\">\u00a0&#8222;Schmuck &amp; Schmuckes&#8220; \u00a0Weihnachtsausstellung im Atelier GLASIX<\/span><\/li>\n<li><span class=\"date\">05.12.2009 &#8211; 19.12.2009 <\/span><br \/>\n<span class=\"location\">Weihnachtsaustellung im Atelier f\u00fcr textile Gestaltung von Rita Tomasini, Bonstetten<\/span><\/li>\n<li><span class=\"date\">13.11.2009 &#8211; 22.11.2009 <\/span><br \/>\n<span class=\"location\">Kunst+Handwerk in der Villa Grunholzer, Uster<\/span><\/li>\n<li><span class=\"date\">04.04.2009 &#8211; 05.04.2009 <\/span><br \/>\n<span class=\"location\">Vitro Festival im Glasmuseum Romont<\/span><\/li>\n<li><span class=\"date\">20.03.2009 &#8211; 22.03.2009 <\/span><br \/>\n<span class=\"location\">&#8222;RegionArt&#8220; \u00a0Gemeinschaftsausstellung in der alten Kaserne Winterthur<\/span><\/li>\n<li><span class=\"date\">14.12.2008\u00a0<\/span><br \/>\n<span class=\"location\">\u00a0WINTERGLOW \u00a0Offenes Atelier GLASIX im Dezember 2008\u00a0<\/span><\/li>\n<li><span class=\"date\">21.11.2008 &#8211; 23.11.2008 <\/span><br \/>\n<span class=\"location\">Kunsthandwerkliche Ausstellung im Schloss Greifensee<\/span><\/li>\n<li>06.07.2008<br \/>\nSUMMERBREEZE \u00a0Offenes Atelier GLASIX im Juli 2008<\/li>\n<li><span class=\"date\">07.03.2008 &#8211; 09.03.2008 <\/span><br \/>\n<span class=\"location\">&#8222;RegionArt&#8220; \u00a0Gemeinschaftsausstellung in der alten Kaserne Winterthur<\/span><\/li>\n<li><span class=\"date\">14.12.2007 &#8211; 16.12.2007 <\/span><br \/>\n<span class=\"location\">LICHT &amp; SCHATTEN \u00a0Weihnachtsausstellung im Atelier GLASIX<\/span><\/li>\n<li><span class=\"date\">01.12.2007 &#8211; 22.12.2007 <\/span><br \/>\n<span class=\"location\">Weihnachtsaustellung im Atelier f\u00fcr textile Gestaltung von Rita Tomasini<\/span><\/li>\n<li>29.09.2007 &#8211; 30.09.2007<br \/>\nSchmuckHandWerk im Erlengut in Erlenbach<\/li>\n<li><span class=\"date\">02.06.2007 &#8211; 03.06.2007 <\/span><br \/>\n<span class=\"location\">KunstHandwerk im Erlengut in Erlenbach<\/span><\/li>\n<li><span class=\"date\">15.12.2006 &#8211; 17.12.2006 <\/span><br \/>\n<span class=\"location\">GOLDIX &#8211; ALLES GOLD WAS GL\u00c4NZT ? \u00a0Weihnachtsausstellung im Atelier GLASIX<\/span><\/li>\n<li><span class=\"date\">09.11.2006 &#8211; 12.11.2006\u00a0<\/span><br \/>\n<span class=\"location\">Gruppenausstellung &#8222;Kunsthandwerk in Winterthur-Seen&#8220;<\/span><\/li>\n<li>23.06.2006 &#8211; 23.07.2006<br \/>\nOUVERT\u00dcRE im Atelier Zwischenraum von Liliane B\u00fcrki<\/li>\n<li><span class=\"date\">13.05.2006 &#8211; \u00a014.05.2006<\/span><br \/>\n<span class=\"location\">Sommerausstellung im Atelier GLASIX\u00a0<\/span><\/li>\n<li><span class=\"date\">31.03.2006 &#8211; 02.04.2006<\/span><br \/>\n<span class=\"location\">HANDWERKSPIRALE \u00a0Fr\u00fchlingsausstellung im Stall-L\u00e4deli D\u00fcbendorf<\/span><\/li>\n<li><span class=\"date\">04.12.2005 &#8211; 24.12.2005\u00a0<\/span><br \/>\n<span class=\"location\">Weihnachtsausstellung im Atelier f\u00fcr textile Gestaltung Rita Tomasini, Bonstetten<\/span><\/li>\n<li><span class=\"date\">03.11.2005 &#8211; 06.11.2005 <\/span><br \/>\n<span class=\"location\">Modernes Kunsthandwerk im Ritterhaus Bubikon<\/span><\/li>\n<li>22.04.2005 &#8211; 24.04.2005<br \/>\nANZIEHENDES \u00a0Gemeinschaftsausstellung im B\u00fccheler-Haus Kloten<\/li>\n<li><span class=\"date\">04.12.2004 <\/span><br \/>\n<span class=\"location\">HAUTNAH \u00a0Abschlussausstellung Gestaltungsp\u00e4dagogik IAC , Z\u00fcrich<\/span><\/li>\n<li><span class=\"date\">11.09.2004 <\/span><br \/>\n<span class=\"location\">Mit &#8211; Er\u00f6ffnung der offenen Werkstatt CREACTIVA in Uster<\/span><\/li>\n<li><span class=\"date\">12.09.2003 &#8211; 04.10.2003\u00a0<\/span><br \/>\n<span class=\"location\">FASZINATION GLAS \u00a0Gruppenausstellung im Heimatwerk Bauma<\/span><\/li>\n<li><span class=\"date\">21.05.2003 &#8211; 22.05.2003<\/span><br \/>\n<span class=\"location\">GLASSCHMUCK \u00a0Einzelausstellung im Sulzerareal, Winterthur<\/span><\/li>\n<\/ul>\n<\/div>\n<p>&nbsp;<\/p>\n","protected":false},"excerpt":{"rendered":"<p>05.10.2018 &#8211; 07.10.2018 Finissage im Atelier GLASIX 15.12.2017 &#8211; 17.12.2017 Stille Pracht, Villa am Aabach Uster 09.11.2017 &#8211; 12.11.2017 Modernes[&#8230;]<\/p>\n","protected":false},"author":1,"featured_media":264,"parent":0,"menu_order":0,"comment_status":"closed","ping_status":"closed","template":"","meta":{"footnotes":""},"class_list":["post-258","page","type-page","status-publish","has-post-thumbnail","hentry"],"_links":{"self":[{"href":"https:\/\/glasix.ch\/Wordpress\/wp-json\/wp\/v2\/pages\/258","targetHints":{"allow":["GET"]}}],"collection":[{"href":"https:\/\/glasix.ch\/Wordpress\/wp-json\/wp\/v2\/pages"}],"about":[{"href":"https:\/\/glasix.ch\/Wordpress\/wp-json\/wp\/v2\/types\/page"}],"author":[{"embeddable":true,"href":"https:\/\/glasix.ch\/Wordpress\/wp-json\/wp\/v2\/users\/1"}],"replies":[{"embeddable":true,"href":"https:\/\/glasix.ch\/Wordpress\/wp-json\/wp\/v2\/comments?post=258"}],"version-history":[{"count":37,"href":"https:\/\/glasix.ch\/Wordpress\/wp-json\/wp\/v2\/pages\/258\/revisions"}],"predecessor-version":[{"id":383,"href":"https:\/\/glasix.ch\/Wordpress\/wp-json\/wp\/v2\/pages\/258\/revisions\/383"}],"wp:featuredmedia":[{"embeddable":true,"href":"https:\/\/glasix.ch\/Wordpress\/wp-json\/wp\/v2\/media\/264"}],"wp:attachment":[{"href":"https:\/\/glasix.ch\/Wordpress\/wp-json\/wp\/v2\/media?parent=258"}],"curies":[{"name":"wp","href":"https:\/\/api.w.org\/{rel}","templated":true}]}}